{"id":12308,"date":"2024-03-03T19:42:50","date_gmt":"2024-03-03T19:42:50","guid":{"rendered":"https:\/\/shanabooks.de\/?post_type=product&#038;p=12308"},"modified":"2024-06-25T23:25:37","modified_gmt":"2024-06-25T23:25:37","slug":"dev-ji-min-berde-ez-dixwazim-bicim-serko-bekes","status":"publish","type":"product","link":"https:\/\/shanabooks.de\/de\/product\/dev-ji-min-berde-ez-dixwazim-bicim-serko-bekes\/","title":{"rendered":"Dev ji min berde ez dixwazim bi\u00e7im"},"content":{"rendered":"<p dir=\"ltr\"><strong>Dev ji min berde ez dixwazim bi\u00e7im &#8211; \u015e\u00earko B\u00eakes\u00a0<\/strong><br \/>\n<strong><br \/>\n<\/strong>\u015e\u00earko B\u00eakes, her \u00e7i qas law\u00ea Kurdistan\u00ea be, ew qas\u00ee j\u00ee law\u00ea helbest\u00ea ye.<\/p>\n<p dir=\"ltr\">Pirr zahmet e ku mirov du ti\u015ftan, helbest \u00fb welatek\u00ee, di dil\u00ea xwe de ve\u015f\u00eare, l\u00ea w\u00ee ev herdu ti\u015ft pirr ba\u015f di dil\u00ea xwe de bi hemmet ve\u015fartine. Ew hem bi wan jiyaye \u00fb hem j\u00ee w\u00ee ew jiyandine; gava ku ji van elementan yek k\u00eam b\u00fbye ew basko an j\u00ee bask\u015fikest\u00ee maye; \u00fb \u201cfir\u00e7eya Van Gogh\u2019\u00ee\u201d j\u00ee gava ku di gaziya w\u00ea de hatiye bi k\u00ear\u00ee firra w\u00ee nehatiye.<\/p>\n<p dir=\"ltr\">\u015e\u00earko B\u00eakes\u2019\u00ee, her hewl daye ku helbest\u00ean organ\u00eek biniv\u00eese; peyva ev, ji\u201db\u00eahn\u201d a helbest\u00ean w\u00ee diyar e; ji ber ku di her helbesta w\u00ee de \u201cb\u00eahn\u201d, \u201cb\u00eahn\u201d\u00ea weke f\u00eanomenek\u00ea cihek\u00ee xwe y\u00ea mezin heye. Gava ku we dev\u00ea pirt\u00fbk\u00ea vekir \u00fb \u201cb\u00eahn\u201da helbestkar\u00ea w\u00ea xwe av\u00eat ser\u00e7av\u00ea we dibe ku h\u00fbn j\u00ee bawer bikin, l\u00ea div\u00ea ber\u00ea h\u00fbn dev\u00ea pirt\u00fbk\u00ea \u00fb her pel\u00ea yek bi yek vekin. Vekin da ku h\u00fbn vebin.<\/p>\n<p dir=\"ltr\">koma helbestan ya bi nav\u00ea Dev ji min berde ez dixwazim bi\u00e7im ya helbestvan h\u00eaja \u015e\u00earko B\u00eakes ji we\u015fan\u00ean Belk\u00ee derketiye.<\/p>\n","protected":false},"excerpt":{"rendered":"<p dir=\"ltr\" style=\"text-align: center\"><strong>Pirt\u00fbk: Dev ji min berde ez dixwazim bi\u00e7im<\/strong><br \/>\n<strong>Niv\u00eeskar: \u015e\u00earko B\u00eakes<br \/>\nCure: Helbest<\/strong><\/p>\n","protected":false},"featured_media":12364,"template":"","meta":{"site-sidebar-layout":"default","site-content-layout":"","ast-site-content-layout":"default","site-content-style":"default","site-sidebar-style":"default","ast-global-header-display":"","ast-banner-title-visibility":"","ast-main-header-display":"","ast-hfb-above-header-display":"","ast-hfb-below-header-display":"","ast-hfb-mobile-header-display":"","site-post-title":"","ast-breadcrumbs-content":"","ast-featured-img":"","footer-sml-layout":"","ast-disable-related-posts":"","theme-transparent-header-meta":"default","adv-header-id-meta":"","stick-header-meta":"","header-above-stick-meta":"","header-main-stick-meta":"","header-below-stick-meta":"","astra-migrate-meta-layouts":"set","ast-page-background-enabled":"default","ast-page-background-meta":{"desktop":{"background-color":"","background-image":"","background-repeat":"repeat","background-position":"center center","background-size":"auto","background-attachment":"scroll","background-type":"","background-media":"","overlay-type":"","overlay-color":"","overlay-opacity":"","overlay-gradient":""},"tablet":{"background-color":"","background-image":"","background-repeat":"repeat","background-position":"center center","background-size":"auto","background-attachment":"scroll","background-type":"","background-media":"","overlay-type":"","overlay-color":"","overlay-opacity":"","overlay-gradient":""},"mobile":{"background-color":"","background-image":"","background-repeat":"repeat","background-position":"center center","background-size":"auto","background-attachment":"scroll","background-type":"","background-media":"","overlay-type":"","overlay-color":"","overlay-opacity":"","overlay-gradient":""}},"ast-content-background-meta":{"desktop":{"background-color":"var(--ast-global-color-5)","background-image":"","background-repeat":"repeat","background-position":"center center","background-size":"auto","background-attachment":"scroll","background-type":"","background-media":"","overlay-type":"","overlay-color":"","overlay-opacity":"","overlay-gradient":""},"tablet":{"background-color":"var(--ast-global-color-5)","background-image":"","background-repeat":"repeat","background-position":"center center","background-size":"auto","background-attachment":"scroll","background-type":"","background-media":"","overlay-type":"","overlay-color":"","overlay-opacity":"","overlay-gradient":""},"mobile":{"background-color":"var(--ast-global-color-5)","background-image":"","background-repeat":"repeat","background-position":"center center","background-size":"auto","background-attachment":"scroll","background-type":"","background-media":"","overlay-type":"","overlay-color":"","overlay-opacity":"","overlay-gradient":""}}},"product_brand":[],"product_cat":[184,193],"product_tag":[],"class_list":{"0":"post-12308","1":"product","2":"type-product","3":"status-publish","4":"has-post-thumbnail","6":"product_cat-_","7":"product_cat--_","8":"pa_-helbest","9":"pa_-serko-bekes","10":"pa_-kurmanci","11":"pa_--belki","12":"desktop-align-left","13":"tablet-align-left","14":"mobile-align-left","16":"first","17":"outofstock","18":"shipping-taxable","19":"purchasable","20":"product-type-simple"},"yoast_head":"<!-- This site is optimized with the Yoast SEO plugin v27.4 - https:\/\/yoast.com\/product\/yoast-seo-wordpress\/ -->\n<title>Dev ji min berde ez dixwazim bi\u00e7im - \u015e\u00earko B\u00eakes - www.shanabooks.de<\/title>\n<meta name=\"description\" content=\"Dev ji min berde ez dixwazim bi\u00e7im - \u015e\u00earko B\u00eakes\u00a0\u015e\u00earko B\u00eakes, her \u00e7i qas law\u00ea Kurdistan\u00ea be, ew qas\u00ee j\u00ee law\u00ea helbest\u00ea ye. Pirr zahmet e ku mirov du ti\u015fta...\" \/>\n<meta name=\"robots\" content=\"index, follow, max-snippet:-1, max-image-preview:large, max-video-preview:-1\" \/>\n<link rel=\"canonical\" href=\"https:\/\/shanabooks.de\/product\/dev-ji-min-berde-ez-dixwazim-bicim-serko-bekes\/\" \/>\n<meta property=\"og:locale\" content=\"de_DE\" \/>\n<meta property=\"og:type\" content=\"article\" \/>\n<meta property=\"og:title\" content=\"Dev ji min berde ez dixwazim bi\u00e7im - \u015e\u00earko B\u00eakes - www.shanabooks.de\" \/>\n<meta property=\"og:description\" content=\"Dev ji min berde ez dixwazim bi\u00e7im - \u015e\u00earko B\u00eakes\u00a0\u015e\u00earko B\u00eakes, her \u00e7i qas law\u00ea Kurdistan\u00ea be, ew qas\u00ee j\u00ee law\u00ea helbest\u00ea ye. Pirr zahmet e ku mirov du ti\u015fta...\" \/>\n<meta property=\"og:url\" content=\"https:\/\/shanabooks.de\/product\/dev-ji-min-berde-ez-dixwazim-bicim-serko-bekes\/\" \/>\n<meta property=\"og:site_name\" content=\"www.shanabooks.de\" \/>\n<meta property=\"article:modified_time\" content=\"2024-06-25T23:25:37+00:00\" \/>\n<meta property=\"og:image\" content=\"https:\/\/shanabooks.de\/wp-content\/uploads\/2024\/03\/Dev-Ji-Min-Berde-Dixwazim-Bicim.png\" \/>\n\t<meta property=\"og:image:width\" content=\"327\" \/>\n\t<meta property=\"og:image:height\" content=\"479\" \/>\n\t<meta property=\"og:image:type\" content=\"image\/png\" \/>\n<meta name=\"twitter:card\" content=\"summary_large_image\" \/>\n<meta name=\"twitter:label1\" content=\"Gesch\u00e4tzte Lesezeit\" \/>\n\t<meta name=\"twitter:data1\" content=\"2\u00a0Minuten\" \/>\n<script type=\"application\/ld+json\" class=\"yoast-schema-graph\">{\"@context\":\"https:\\\/\\\/schema.org\",\"@graph\":[{\"@type\":\"WebPage\",\"@id\":\"https:\\\/\\\/shanabooks.de\\\/product\\\/dev-ji-min-berde-ez-dixwazim-bicim-serko-bekes\\\/\",\"url\":\"https:\\\/\\\/shanabooks.de\\\/product\\\/dev-ji-min-berde-ez-dixwazim-bicim-serko-bekes\\\/\",\"name\":\"Dev ji min berde ez dixwazim bi\u00e7im - \u015e\u00earko B\u00eakes - www.shanabooks.de\",\"isPartOf\":{\"@id\":\"https:\\\/\\\/shanabooks.de\\\/#website\"},\"primaryImageOfPage\":{\"@id\":\"https:\\\/\\\/shanabooks.de\\\/product\\\/dev-ji-min-berde-ez-dixwazim-bicim-serko-bekes\\\/#primaryimage\"},\"image\":{\"@id\":\"https:\\\/\\\/shanabooks.de\\\/product\\\/dev-ji-min-berde-ez-dixwazim-bicim-serko-bekes\\\/#primaryimage\"},\"thumbnailUrl\":\"https:\\\/\\\/shanabooks.de\\\/wp-content\\\/uploads\\\/2024\\\/03\\\/Dev-Ji-Min-Berde-Dixwazim-Bicim.png\",\"datePublished\":\"2024-03-03T19:42:50+00:00\",\"dateModified\":\"2024-06-25T23:25:37+00:00\",\"description\":\"Dev ji min berde ez dixwazim bi\u00e7im - \u015e\u00earko B\u00eakes\u00a0\u015e\u00earko B\u00eakes, her \u00e7i qas law\u00ea Kurdistan\u00ea be, ew qas\u00ee j\u00ee law\u00ea helbest\u00ea ye. Pirr zahmet e ku mirov du ti\u015fta...\",\"breadcrumb\":{\"@id\":\"https:\\\/\\\/shanabooks.de\\\/product\\\/dev-ji-min-berde-ez-dixwazim-bicim-serko-bekes\\\/#breadcrumb\"},\"inLanguage\":\"de\",\"potentialAction\":[{\"@type\":\"ReadAction\",\"target\":[\"https:\\\/\\\/shanabooks.de\\\/product\\\/dev-ji-min-berde-ez-dixwazim-bicim-serko-bekes\\\/\"]}]},{\"@type\":\"ImageObject\",\"inLanguage\":\"de\",\"@id\":\"https:\\\/\\\/shanabooks.de\\\/product\\\/dev-ji-min-berde-ez-dixwazim-bicim-serko-bekes\\\/#primaryimage\",\"url\":\"https:\\\/\\\/shanabooks.de\\\/wp-content\\\/uploads\\\/2024\\\/03\\\/Dev-Ji-Min-Berde-Dixwazim-Bicim.png\",\"contentUrl\":\"https:\\\/\\\/shanabooks.de\\\/wp-content\\\/uploads\\\/2024\\\/03\\\/Dev-Ji-Min-Berde-Dixwazim-Bicim.png\",\"width\":327,\"height\":479,\"caption\":\"Dev ji min berde ez dixwazim bi\u00e7im - \u015e\u00earko B\u00eakes\u00a0 - pirt\u00fbk\u00ean kurd\u00ee - belk\u00ee\"},{\"@type\":\"BreadcrumbList\",\"@id\":\"https:\\\/\\\/shanabooks.de\\\/product\\\/dev-ji-min-berde-ez-dixwazim-bicim-serko-bekes\\\/#breadcrumb\",\"itemListElement\":[{\"@type\":\"ListItem\",\"position\":1,\"name\":\"\u0627\u0644\u0631\u0626\u064a\u0633\u064a\u0629\",\"item\":\"https:\\\/\\\/shanabooks.de\\\/de\\\/\"},{\"@type\":\"ListItem\",\"position\":2,\"name\":\"\u0627\u0644\u0645\u0646\u062a\u062c\u0627\u062a\",\"item\":\"https:\\\/\\\/shanabooks.de\\\/shop\\\/\"},{\"@type\":\"ListItem\",\"position\":3,\"name\":\"Dev ji min berde ez dixwazim bi\u00e7im\"}]},{\"@type\":\"WebSite\",\"@id\":\"https:\\\/\\\/shanabooks.de\\\/#website\",\"url\":\"https:\\\/\\\/shanabooks.de\\\/\",\"name\":\"www.shanbooks.de\",\"description\":\"C\u00eehana Pirt\u00fbk\u00ean Kurd\u00ee \u0645\u0643\u062a\u0628\u0629 \u0634\u0627\u0646\u0627 \u0641\u064a \u0627\u0644\u0645\u0627\u0646\u064a\u0627 \u0648\u0623\u0648\u0631\u0628\u0627\",\"publisher\":{\"@id\":\"https:\\\/\\\/shanabooks.de\\\/#organization\"},\"potentialAction\":[{\"@type\":\"SearchAction\",\"target\":{\"@type\":\"EntryPoint\",\"urlTemplate\":\"https:\\\/\\\/shanabooks.de\\\/?s={search_term_string}\"},\"query-input\":{\"@type\":\"PropertyValueSpecification\",\"valueRequired\":true,\"valueName\":\"search_term_string\"}}],\"inLanguage\":\"de\"},{\"@type\":\"Organization\",\"@id\":\"https:\\\/\\\/shanabooks.de\\\/#organization\",\"name\":\"www.shanbooks.de\",\"url\":\"https:\\\/\\\/shanabooks.de\\\/\",\"logo\":{\"@type\":\"ImageObject\",\"inLanguage\":\"de\",\"@id\":\"https:\\\/\\\/shanabooks.de\\\/#\\\/schema\\\/logo\\\/image\\\/\",\"url\":\"https:\\\/\\\/shanabooks.de\\\/wp-content\\\/uploads\\\/2024\\\/03\\\/SHANABOOKS__2_-removebg-preview.png\",\"contentUrl\":\"https:\\\/\\\/shanabooks.de\\\/wp-content\\\/uploads\\\/2024\\\/03\\\/SHANABOOKS__2_-removebg-preview.png\",\"width\":700,\"height\":150,\"caption\":\"www.shanbooks.de\"},\"image\":{\"@id\":\"https:\\\/\\\/shanabooks.de\\\/#\\\/schema\\\/logo\\\/image\\\/\"}}]}<\/script>\n<!-- \/ Yoast SEO plugin. -->","yoast_head_json":{"title":"Dev ji min berde ez dixwazim bi\u00e7im - \u015e\u00earko B\u00eakes - www.shanabooks.de","description":"Dev ji min berde ez dixwazim bi\u00e7im - \u015e\u00earko B\u00eakes\u00a0\u015e\u00earko B\u00eakes, her \u00e7i qas law\u00ea Kurdistan\u00ea be, ew qas\u00ee j\u00ee law\u00ea helbest\u00ea ye. Pirr zahmet e ku mirov du ti\u015fta...","robots":{"index":"index","follow":"follow","max-snippet":"max-snippet:-1","max-image-preview":"max-image-preview:large","max-video-preview":"max-video-preview:-1"},"canonical":"https:\/\/shanabooks.de\/product\/dev-ji-min-berde-ez-dixwazim-bicim-serko-bekes\/","og_locale":"de_DE","og_type":"article","og_title":"Dev ji min berde ez dixwazim bi\u00e7im - \u015e\u00earko B\u00eakes - www.shanabooks.de","og_description":"Dev ji min berde ez dixwazim bi\u00e7im - \u015e\u00earko B\u00eakes\u00a0\u015e\u00earko B\u00eakes, her \u00e7i qas law\u00ea Kurdistan\u00ea be, ew qas\u00ee j\u00ee law\u00ea helbest\u00ea ye. Pirr zahmet e ku mirov du ti\u015fta...","og_url":"https:\/\/shanabooks.de\/product\/dev-ji-min-berde-ez-dixwazim-bicim-serko-bekes\/","og_site_name":"www.shanabooks.de","article_modified_time":"2024-06-25T23:25:37+00:00","og_image":[{"width":327,"height":479,"url":"https:\/\/shanabooks.de\/wp-content\/uploads\/2024\/03\/Dev-Ji-Min-Berde-Dixwazim-Bicim.png","type":"image\/png"}],"twitter_card":"summary_large_image","twitter_misc":{"Gesch\u00e4tzte Lesezeit":"2\u00a0Minuten"},"schema":{"@context":"https:\/\/schema.org","@graph":[{"@type":"WebPage","@id":"https:\/\/shanabooks.de\/product\/dev-ji-min-berde-ez-dixwazim-bicim-serko-bekes\/","url":"https:\/\/shanabooks.de\/product\/dev-ji-min-berde-ez-dixwazim-bicim-serko-bekes\/","name":"Dev ji min berde ez dixwazim bi\u00e7im - \u015e\u00earko B\u00eakes - www.shanabooks.de","isPartOf":{"@id":"https:\/\/shanabooks.de\/#website"},"primaryImageOfPage":{"@id":"https:\/\/shanabooks.de\/product\/dev-ji-min-berde-ez-dixwazim-bicim-serko-bekes\/#primaryimage"},"image":{"@id":"https:\/\/shanabooks.de\/product\/dev-ji-min-berde-ez-dixwazim-bicim-serko-bekes\/#primaryimage"},"thumbnailUrl":"https:\/\/shanabooks.de\/wp-content\/uploads\/2024\/03\/Dev-Ji-Min-Berde-Dixwazim-Bicim.png","datePublished":"2024-03-03T19:42:50+00:00","dateModified":"2024-06-25T23:25:37+00:00","description":"Dev ji min berde ez dixwazim bi\u00e7im - \u015e\u00earko B\u00eakes\u00a0\u015e\u00earko B\u00eakes, her \u00e7i qas law\u00ea Kurdistan\u00ea be, ew qas\u00ee j\u00ee law\u00ea helbest\u00ea ye. Pirr zahmet e ku mirov du ti\u015fta...","breadcrumb":{"@id":"https:\/\/shanabooks.de\/product\/dev-ji-min-berde-ez-dixwazim-bicim-serko-bekes\/#breadcrumb"},"inLanguage":"de","potentialAction":[{"@type":"ReadAction","target":["https:\/\/shanabooks.de\/product\/dev-ji-min-berde-ez-dixwazim-bicim-serko-bekes\/"]}]},{"@type":"ImageObject","inLanguage":"de","@id":"https:\/\/shanabooks.de\/product\/dev-ji-min-berde-ez-dixwazim-bicim-serko-bekes\/#primaryimage","url":"https:\/\/shanabooks.de\/wp-content\/uploads\/2024\/03\/Dev-Ji-Min-Berde-Dixwazim-Bicim.png","contentUrl":"https:\/\/shanabooks.de\/wp-content\/uploads\/2024\/03\/Dev-Ji-Min-Berde-Dixwazim-Bicim.png","width":327,"height":479,"caption":"Dev ji min berde ez dixwazim bi\u00e7im - \u015e\u00earko B\u00eakes\u00a0 - pirt\u00fbk\u00ean kurd\u00ee - belk\u00ee"},{"@type":"BreadcrumbList","@id":"https:\/\/shanabooks.de\/product\/dev-ji-min-berde-ez-dixwazim-bicim-serko-bekes\/#breadcrumb","itemListElement":[{"@type":"ListItem","position":1,"name":"\u0627\u0644\u0631\u0626\u064a\u0633\u064a\u0629","item":"https:\/\/shanabooks.de\/de\/"},{"@type":"ListItem","position":2,"name":"\u0627\u0644\u0645\u0646\u062a\u062c\u0627\u062a","item":"https:\/\/shanabooks.de\/shop\/"},{"@type":"ListItem","position":3,"name":"Dev ji min berde ez dixwazim bi\u00e7im"}]},{"@type":"WebSite","@id":"https:\/\/shanabooks.de\/#website","url":"https:\/\/shanabooks.de\/","name":"www.shanbooks.de","description":"C\u00eehana Pirt\u00fbk\u00ean Kurd\u00ee \u0645\u0643\u062a\u0628\u0629 \u0634\u0627\u0646\u0627 \u0641\u064a \u0627\u0644\u0645\u0627\u0646\u064a\u0627 \u0648\u0623\u0648\u0631\u0628\u0627","publisher":{"@id":"https:\/\/shanabooks.de\/#organization"},"potentialAction":[{"@type":"SearchAction","target":{"@type":"EntryPoint","urlTemplate":"https:\/\/shanabooks.de\/?s={search_term_string}"},"query-input":{"@type":"PropertyValueSpecification","valueRequired":true,"valueName":"search_term_string"}}],"inLanguage":"de"},{"@type":"Organization","@id":"https:\/\/shanabooks.de\/#organization","name":"www.shanbooks.de","url":"https:\/\/shanabooks.de\/","logo":{"@type":"ImageObject","inLanguage":"de","@id":"https:\/\/shanabooks.de\/#\/schema\/logo\/image\/","url":"https:\/\/shanabooks.de\/wp-content\/uploads\/2024\/03\/SHANABOOKS__2_-removebg-preview.png","contentUrl":"https:\/\/shanabooks.de\/wp-content\/uploads\/2024\/03\/SHANABOOKS__2_-removebg-preview.png","width":700,"height":150,"caption":"www.shanbooks.de"},"image":{"@id":"https:\/\/shanabooks.de\/#\/schema\/logo\/image\/"}}]}},"jetpack_sharing_enabled":true,"_links":{"self":[{"href":"https:\/\/shanabooks.de\/de\/wp-json\/wp\/v2\/product\/12308","targetHints":{"allow":["GET"]}}],"collection":[{"href":"https:\/\/shanabooks.de\/de\/wp-json\/wp\/v2\/product"}],"about":[{"href":"https:\/\/shanabooks.de\/de\/wp-json\/wp\/v2\/types\/product"}],"version-history":[{"count":3,"href":"https:\/\/shanabooks.de\/de\/wp-json\/wp\/v2\/product\/12308\/revisions"}],"predecessor-version":[{"id":21424,"href":"https:\/\/shanabooks.de\/de\/wp-json\/wp\/v2\/product\/12308\/revisions\/21424"}],"wp:featuredmedia":[{"embeddable":true,"href":"https:\/\/shanabooks.de\/de\/wp-json\/wp\/v2\/media\/12364"}],"wp:attachment":[{"href":"https:\/\/shanabooks.de\/de\/wp-json\/wp\/v2\/media?parent=12308"}],"wp:term":[{"taxonomy":"product_brand","embeddable":true,"href":"https:\/\/shanabooks.de\/de\/wp-json\/wp\/v2\/product_brand?post=12308"},{"taxonomy":"product_cat","embeddable":true,"href":"https:\/\/shanabooks.de\/de\/wp-json\/wp\/v2\/product_cat?post=12308"},{"taxonomy":"product_tag","embeddable":true,"href":"https:\/\/shanabooks.de\/de\/wp-json\/wp\/v2\/product_tag?post=12308"}],"curies":[{"name":"wp","href":"https:\/\/api.w.org\/{rel}","templated":true}]}}